{"id":1112,"date":"2025-08-27T21:09:13","date_gmt":"2025-08-27T19:09:13","guid":{"rendered":"https:\/\/www.gustavnasmanolai.se\/?page_id=1112"},"modified":"2026-06-17T14:58:24","modified_gmt":"2026-06-17T12:58:24","slug":"kalendarium","status":"publish","type":"page","link":"https:\/\/www.gustavnasmanolai.se\/en\/kalendarium\/","title":{"rendered":"Calendar"},"content":{"rendered":"<div data-elementor-type=\"wp-page\" data-elementor-id=\"1112\" class=\"elementor elementor-1112\">\n\t\t\t\t<div class=\"elementor-element elementor-element-e836f1c e-flex e-con-boxed e-con e-parent\" data-id=\"e836f1c\" data-element_type=\"container\" data-e-type=\"container\" data-settings=\"{&quot;background_background&quot;:&quot;classic&quot;}\">\n\t\t\t\t\t<div class=\"e-con-inner\">\n\t\t<div class=\"elementor-element elementor-element-b97a9ad e-con-full e-flex e-con e-child\" data-id=\"b97a9ad\" data-element_type=\"container\" data-e-type=\"container\">\n\t\t\t\t<div class=\"elementor-element elementor-element-9e37f99 elementor-widget-divider--view-line elementor-widget elementor-widget-divider\" data-id=\"9e37f99\" data-element_type=\"widget\" data-e-type=\"widget\" data-widget_type=\"divider.default\">\n\t\t\t\t\t\t\t<div class=\"elementor-divider\">\n\t\t\t<span class=\"elementor-divider-separator\">\n\t\t\t\t\t\t<\/span>\n\t\t<\/div>\n\t\t\t\t\t\t<\/div>\n\t\t\t\t<div class=\"elementor-element elementor-element-10ed086 elementor-widget elementor-widget-heading\" data-id=\"10ed086\" data-element_type=\"widget\" data-e-type=\"widget\" data-widget_type=\"heading.default\">\n\t\t\t\t\t<h1 class=\"elementor-heading-title elementor-size-default\">Calendar<\/h1>\t\t\t\t<\/div>\n\t\t\t\t<\/div>\n\t\t\t\t\t<\/div>\n\t\t\t\t<\/div>\n\t\t<div class=\"elementor-element elementor-element-24efa50 e-flex e-con-boxed e-con e-parent\" data-id=\"24efa50\" data-element_type=\"container\" data-e-type=\"container\" data-settings=\"{&quot;background_background&quot;:&quot;classic&quot;}\">\n\t\t\t\t\t<div class=\"e-con-inner\">\n\t\t\t\t<div class=\"elementor-element elementor-element-6738b4d elementor-widget elementor-widget-heading\" data-id=\"6738b4d\" data-element_type=\"widget\" data-e-type=\"widget\" data-widget_type=\"heading.default\">\n\t\t\t\t\t<h2 class=\"elementor-heading-title elementor-size-default\">2026<\/h2>\t\t\t\t<\/div>\n\t\t\t\t\t<\/div>\n\t\t\t\t<\/div>\n\t\t<div class=\"elementor-element elementor-element-e9695e1 e-flex e-con-boxed e-con e-parent\" data-id=\"e9695e1\" data-element_type=\"container\" data-e-type=\"container\">\n\t\t\t\t\t<div class=\"e-con-inner\">\n\t\t\t\t<div class=\"elementor-element elementor-element-ed894f0 elementor-widget elementor-widget-text-editor\" data-id=\"ed894f0\" data-element_type=\"widget\" data-e-type=\"widget\" data-widget_type=\"text-editor.default\">\n\t\t\t\t\t\t\t\t\t<p><strong>June 19. Torek\u00e4llberget, S\u00f6dert\u00e4lje.<\/strong><br \/>Music for midsummer, together with Stina Hellr\u00f6nn.<\/p>\t\t\t\t\t\t\t\t<\/div>\n\t\t\t\t<div class=\"elementor-element elementor-element-c033799 elementor-widget elementor-widget-text-editor\" data-id=\"c033799\" data-element_type=\"widget\" data-e-type=\"widget\" data-widget_type=\"text-editor.default\">\n\t\t\t\t\t\t\t\t\t<p class=\"translation-block\"><strong>July 23. Skederids kyrka, Rimbo.<\/strong><br><a href=\"https:\/\/www.gustavnasmanolai.se\/en\/musik\/#mediata\" target=\"_self\">Ensemble Mediata<\/a> sings at medieval mass.<\/p>\t\t\t\t\t\t\t\t<\/div>\n\t\t\t\t<div class=\"elementor-element elementor-element-1128082 elementor-widget elementor-widget-text-editor\" data-id=\"1128082\" data-element_type=\"widget\" data-e-type=\"widget\" data-widget_type=\"text-editor.default\">\n\t\t\t\t\t\t\t\t\t<p class=\"translation-block\"><strong>July 29. \u00d6sterhaninge kyrka, Haninge.<\/strong><br><a href=\"https:\/\/www.gustavnasmanolai.se\/en\/musik\/#mediata\" target=\"_self\">Ensemble Mediata<\/a> performs their program \u201dArs nova et antiqua\u201d.<\/p>\t\t\t\t\t\t\t\t<\/div>\n\t\t\t\t<div class=\"elementor-element elementor-element-b7ee56b elementor-widget elementor-widget-text-editor\" data-id=\"b7ee56b\" data-element_type=\"widget\" data-e-type=\"widget\" data-widget_type=\"text-editor.default\">\n\t\t\t\t\t\t\t\t\t<p class=\"translation-block\"><strong>August 4, at 3pm. Domkyrkan, Visby.<\/strong><br><a href=\"https:\/\/www.gustavnasmanolai.se\/en\/musik\/#sjal\" target=\"_self\">Sj\u00e4l<\/a> gives a concert in the Cathedral of Visby.<\/p>\t\t\t\t\t\t\t\t<\/div>\n\t\t\t\t<div class=\"elementor-element elementor-element-897cc92 elementor-widget elementor-widget-text-editor\" data-id=\"897cc92\" data-element_type=\"widget\" data-e-type=\"widget\" data-widget_type=\"text-editor.default\">\n\t\t\t\t\t\t\t\t\t<p class=\"translation-block\"><strong>August 4, at 7.30pm. Kapitelhusg\u00e5rden, Visby.<\/strong><br><a href=\"https:\/\/www.gustavnasmanolai.se\/en\/musik\/#sjal\" target=\"_self\">Sj\u00e4l<\/a>\u00a0plays at the pub Kapitelhusg\u00e5rden, Visby.<\/p>\t\t\t\t\t\t\t\t<\/div>\n\t\t\t\t<div class=\"elementor-element elementor-element-7741047 elementor-widget elementor-widget-text-editor\" data-id=\"7741047\" data-element_type=\"widget\" data-e-type=\"widget\" data-widget_type=\"text-editor.default\">\n\t\t\t\t\t\t\t\t\t<p class=\"translation-block\"><strong>August 5\u20137, between 3 and 6pm. Medeltidsveckan p\u00e5 Gotland, Visby.<\/strong><br><span style=\"font-style: inherit;font-weight: inherit\">Ars Musice \u2013 kurs i medeltida musik f\u00f6r s\u00e5ngare och instrumentalister, under ledning av Karin Lagergren och Gustav N\u00e4sman Olai. I samarbete med <strong><a href=\"https:\/\/www.nomemus.se\/\" target=\"_self\">Nomemus<\/a><\/strong> och <strong><a href=\"https:\/\/fftm.se\/\" target=\"_self\">F\u00f6reningen f\u00f6r Tidig Musik<\/a><\/strong>.<\/span><\/p>\t\t\t\t\t\t\t\t<\/div>\n\t\t\t\t<div class=\"elementor-element elementor-element-9a61a4a elementor-widget elementor-widget-text-editor\" data-id=\"9a61a4a\" data-element_type=\"widget\" data-e-type=\"widget\" data-widget_type=\"text-editor.default\">\n\t\t\t\t\t\t\t\t\t<p class=\"translation-block\"><strong>August 6, kl 11. Gotlands Museum, Visby.<\/strong><br><span style=\"font-style: inherit;font-weight: inherit\">Lecture on medieval love songs, together with Karin Lagergren. <em>Munken som \u00e4lskade Jungfru Maria \u2013 K\u00e4rlekss\u00e5nger i medeltidens Frankrike \u2013 En klingande f\u00f6rel\u00e4sning.<\/em> In collaboration with <strong><a href=\"https:\/\/www.nomemus.se\/\" target=\"_self\">Nomemus.<\/a><\/strong><\/span><\/p>\t\t\t\t\t\t\t\t<\/div>\n\t\t\t\t<div class=\"elementor-element elementor-element-444371e elementor-widget elementor-widget-text-editor\" data-id=\"444371e\" data-element_type=\"widget\" data-e-type=\"widget\" data-widget_type=\"text-editor.default\">\n\t\t\t\t\t\t\t\t\t<p class=\"translation-block\"><strong>August 23. Lag\u00e5rns v\u00e4nner, Ingar\u00f6.<\/strong><br> Concert with Lars Almg\u00e5rd Kruthof: \u201dVisans historia \u2014 Fr\u00e5n Rickard Lejonhj\u00e4rta till Evert Taube\u201d.<\/p>\t\t\t\t\t\t\t\t<\/div>\n\t\t\t\t<div class=\"elementor-element elementor-element-40fbefa elementor-widget elementor-widget-text-editor\" data-id=\"40fbefa\" data-element_type=\"widget\" data-e-type=\"widget\" data-widget_type=\"text-editor.default\">\n\t\t\t\t\t\t\t\t\t<p class=\"translation-block\"><strong>September 3, at 12pm. Botkyrka kyrka, Hallunda.<\/strong><br><a href=\"https:\/\/www.gustavnasmanolai.se\/en\/musik\/#mediata\" target=\"_self\">Ensemble Mediata<\/a> performs their program \u201dArs nova et antiqua\u201d.<\/p>\t\t\t\t\t\t\t\t<\/div>\n\t\t\t\t<div class=\"elementor-element elementor-element-a228b81 elementor-widget elementor-widget-image\" data-id=\"a228b81\" data-element_type=\"widget\" data-e-type=\"widget\" data-widget_type=\"image.default\">\n\t\t\t\t\t\t\t\t\t\t\t\t\t\t\t<img fetchpriority=\"high\" decoding=\"async\" width=\"512\" height=\"512\" src=\"https:\/\/www.gustavnasmanolai.se\/wp-content\/uploads\/2025\/09\/Logga-gittern-1.webp\" class=\"attachment-large size-large wp-image-1353\" alt=\"Gittern logo. Medieval music, medeltida musik.\" srcset=\"https:\/\/www.gustavnasmanolai.se\/wp-content\/uploads\/2025\/09\/Logga-gittern-1.webp 512w, https:\/\/www.gustavnasmanolai.se\/wp-content\/uploads\/2025\/09\/Logga-gittern-1-300x300.png 300w, https:\/\/www.gustavnasmanolai.se\/wp-content\/uploads\/2025\/09\/Logga-gittern-1-150x150.webp 150w, https:\/\/www.gustavnasmanolai.se\/wp-content\/uploads\/2025\/09\/Logga-gittern-1-12x12.webp 12w, https:\/\/www.gustavnasmanolai.se\/wp-content\/uploads\/2025\/09\/Logga-gittern-1-160x160.webp 160w\" sizes=\"(max-width: 512px) 100vw, 512px\" \/>\t\t\t\t\t\t\t\t\t\t\t\t\t\t\t<\/div>\n\t\t<div class=\"elementor-element elementor-element-078047e e-con-full e-flex e-con e-child\" data-id=\"078047e\" data-element_type=\"container\" data-e-type=\"container\">\n\t\t\t\t<div class=\"elementor-element elementor-element-b0dc9d7 elementor-widget elementor-widget-heading\" data-id=\"b0dc9d7\" data-element_type=\"widget\" data-e-type=\"widget\" data-widget_type=\"heading.default\">\n\t\t\t\t\t<h2 class=\"elementor-heading-title elementor-size-default\">Tidigare event<\/h2>\t\t\t\t<\/div>\n\t\t\t\t<div class=\"elementor-element elementor-element-6763f52 elementor-widget elementor-widget-heading\" data-id=\"6763f52\" data-element_type=\"widget\" data-e-type=\"widget\" data-widget_type=\"heading.default\">\n\t\t\t\t\t<h3 class=\"elementor-heading-title elementor-size-default\">2026<\/h3>\t\t\t\t<\/div>\n\t\t\t\t<div class=\"elementor-element elementor-element-3acc676 elementor-widget elementor-widget-text-editor\" data-id=\"3acc676\" data-element_type=\"widget\" data-e-type=\"widget\" data-widget_type=\"text-editor.default\">\n\t\t\t\t\t\t\t\t\t<p><strong>June 7. Danmark Church, Uppsala.<\/strong><br \/>Concert with <a href=\"http:\/\/www.ninamusiker.com\/\">Nina Grigorjeva<\/a> and Uppland Rock Choir.<br \/><span style=\"font-style: inherit; font-weight: inherit;\">Go to the <\/span><a style=\"font-style: inherit; font-weight: inherit; background-color: #fef1e4;\" href=\"https:\/\/www.svenskakyrkan.se\/kalender?eventId=f2a1abf0f0a4424ba6b85311a4b506d8\">website<\/a><span style=\"font-style: inherit; font-weight: inherit;\"> for more information.<\/span><\/p>\t\t\t\t\t\t\t\t<\/div>\n\t\t\t\t<div class=\"elementor-element elementor-element-710b034 elementor-widget elementor-widget-text-editor\" data-id=\"710b034\" data-element_type=\"widget\" data-e-type=\"widget\" data-widget_type=\"text-editor.default\">\n\t\t\t\t\t\t\t\t\t<p class=\"translation-block\"><strong>June 6. Husabymarken, Knivsta.<\/strong><br><a href=\"https:\/\/www.gustavnasmanolai.se\/en\/musik\/#sjal\" target=\"_self\">Sj\u00e4l<\/a> gives a church concert and play at the medieval market at Husabymarken.<br><a href=\"https:\/\/langhundra.se\/husabymarken\/\" target=\"_self\">https:\/\/langhundra.se\/husabymarken\/<\/a><\/p>\t\t\t\t\t\t\t\t<\/div>\n\t\t\t\t<div class=\"elementor-element elementor-element-df768b9 elementor-widget elementor-widget-text-editor\" data-id=\"df768b9\" data-element_type=\"widget\" data-e-type=\"widget\" data-widget_type=\"text-editor.default\">\n\t\t\t\t\t\t\t\t\t<p class=\"translation-block\"><b>May 29\u201331. Oslo Middelalderfestival.<\/b><br><a href=\"https:\/\/www.gustavnasmanolai.se\/en\/musik\/#sjal\" target=\"_self\">Sj\u00e4l<\/a> plays during Oslo's own medieval festival.<br><a href=\"https:\/\/oslomiddelalderfestival.no\/\" target=\"_self\">https:\/\/oslomiddelalderfestival.no\/<\/a><\/p>\t\t\t\t\t\t\t\t<\/div>\n\t\t\t\t<div class=\"elementor-element elementor-element-d1ef121 elementor-widget elementor-widget-text-editor\" data-id=\"d1ef121\" data-element_type=\"widget\" data-e-type=\"widget\" data-widget_type=\"text-editor.default\">\n\t\t\t\t\t\t\t\t\t<p><strong>May 16. Museum of Performing Arts, Stockholm.<\/strong><br \/><span style=\"font-style: inherit; font-weight: inherit;\">Ars Instrumentorum \u2013 course in medieval music for instrumentalists. <a href=\"https:\/\/www.studieframjandet.se\/stockholms-lan\/gustav-arrangemang\/kalenderhandelser\/2026\/maj\/ars-instrumentorum--upptack-medeltidens-musik\/\">More information and registration via Studiefr\u00e4mjandet.<\/a><\/span><\/p>\t\t\t\t\t\t\t\t<\/div>\n\t\t\t\t<div class=\"elementor-element elementor-element-e3732e6 elementor-widget elementor-widget-text-editor\" data-id=\"e3732e6\" data-element_type=\"widget\" data-e-type=\"widget\" data-widget_type=\"text-editor.default\">\n\t\t\t\t\t\t\t\t\t<p><b>May 9. Trollh\u00e4ttans TIDIG MUSIK-dagar.<\/b><br \/>The medieval band Sj\u00e4l performs their concert program \"Lek och spel under 1200-talet\" (Plays and games during the 13th century).\u00a0<br \/><a href=\"https:\/\/trollhattanstidigmusikdagar.se\/\">https:\/\/trollhattanstidigmusikdagar.se\/<\/a><\/p>\t\t\t\t\t\t\t\t<\/div>\n\t\t\t\t<div class=\"elementor-element elementor-element-bbf9d7b elementor-widget elementor-widget-text-editor\" data-id=\"bbf9d7b\" data-element_type=\"widget\" data-e-type=\"widget\" data-widget_type=\"text-editor.default\">\n\t\t\t\t\t\t\t\t\t<p><strong>April 25. The Museum of Performing Arts, Stockholm.<\/strong><br \/><span style=\"font-style: inherit; font-weight: inherit;\">Ars Musice \u2013 Music of Spring! Course in medieval music for singers and instrumentalists, led by Karin Lagergren and Gustav N\u00e4sman Olai.\u00a0<\/span><a style=\"font-style: inherit; font-weight: inherit; background-color: #fef1e4; font-size: 1rem;\" href=\"https:\/\/www.studieframjandet.se\/stockholms-lan\/gustav-arrangemang\/kalenderhandelser\/2026\/april\/ars-musice--varens-musik\/\">More information and registration via Studiefr\u00e4mjandet.<\/a><\/p>\t\t\t\t\t\t\t\t<\/div>\n\t\t\t\t<div class=\"elementor-element elementor-element-605c43d elementor-widget elementor-widget-heading\" data-id=\"605c43d\" data-element_type=\"widget\" data-e-type=\"widget\" data-widget_type=\"heading.default\">\n\t\t\t\t\t<h3 class=\"elementor-heading-title elementor-size-default\">2025<\/h3>\t\t\t\t<\/div>\n\t\t\t\t<div class=\"elementor-element elementor-element-d6b9590 elementor-widget elementor-widget-text-editor\" data-id=\"d6b9590\" data-element_type=\"widget\" data-e-type=\"widget\" data-widget_type=\"text-editor.default\">\n\t\t\t\t\t\t\t\t\t<p class=\"translation-block\"><strong>December 6. Torek\u00e4llberget, S\u00f6dert\u00e4lje.<\/strong><br><em>Sjung med i Julen!<\/em> Traditional Swedish Christmas songs during the event <a href=\"https:\/\/www.sodertalje.se\/kultur-och-fritid\/torekallberget\/evenemang\/julmarknad\/\" target=\"_self\">Jul p\u00e5 1800-talet<\/a> at Torek\u00e4llberget<\/a>.<\/p>\t\t\t\t\t\t\t\t<\/div>\n\t\t\t\t<div class=\"elementor-element elementor-element-c4c5f3f elementor-widget elementor-widget-text-editor\" data-id=\"c4c5f3f\" data-element_type=\"widget\" data-e-type=\"widget\" data-widget_type=\"text-editor.default\">\n\t\t\t\t\t\t\t\t\t<p class=\"translation-block\"><strong>November 22. Museum of Performing Arts, Stockholm.<\/strong><br><span style=\"font-style: inherit;font-weight: inherit\">Ars Musice \u2013 course in medieval music for singers and instrumentalists, led by Karin Lagergren and Gustav N\u00e4sman Olai. <\/span><a style=\"font-style: inherit;font-weight: inherit;background-color: #fef1e4;font-size: 1rem\" href=\"https:\/\/www.studieframjandet.se\/stockholms-lan\/gustav-arrangement\/kurser\/2025\/november\/ars-musice--upptack-medeltidens-musik\/\" target=\"_self\">More info and registration via Studiefr\u00e4mjandet.<\/a><\/p>\t\t\t\t\t\t\t\t<\/div>\n\t\t\t\t<div class=\"elementor-element elementor-element-734a96f elementor-widget elementor-widget-text-editor\" data-id=\"734a96f\" data-element_type=\"widget\" data-e-type=\"widget\" data-widget_type=\"text-editor.default\">\n\t\t\t\t\t\t\t\t\t<p class=\"translation-block\"><strong>November 19. Museum of Performing Arts, Stockholm.<\/strong><br>Lecture: From neumes to squares \u2013 the early development of musical notation, circa 800\u20131400. <a href=\"https:\/\/scenkonstmuseet.se\/event\/kafferep-foredrag-fran-neumer-till-kvadrater-musiknotationens-tidiga-utveckling-ca-800-1400\/\" target=\"_self\">More info and tickets via the Museum of Performing Arts.<\/a><\/p>\t\t\t\t\t\t\t\t<\/div>\n\t\t\t\t<div class=\"elementor-element elementor-element-8ba062c elementor-widget elementor-widget-text-editor\" data-id=\"8ba062c\" data-element_type=\"widget\" data-e-type=\"widget\" data-widget_type=\"text-editor.default\">\n\t\t\t\t\t\t\t\t\t<p class=\"translation-block\"><strong>October 30 \u2013 November 1. Torek\u00e4llberget, S\u00f6dert\u00e4lje.<\/strong><br>Traditional Swedish music on bagpipes during the event <a href=\"https:\/\/www.sodertalje.se\/kultur-och-fritid\/torekallberget\/evenemang\/nar-morkret-faller\/\" target=\"_self\">N\u00e4r M\u00f6rkret Faller at Torek\u00e4llberget<\/a>.<\/p>\t\t\t\t\t\t\t\t<\/div>\n\t\t\t\t<div class=\"elementor-element elementor-element-29f1b7e elementor-widget elementor-widget-text-editor\" data-id=\"29f1b7e\" data-element_type=\"widget\" data-e-type=\"widget\" data-widget_type=\"text-editor.default\">\n\t\t\t\t\t\t\t\t\t<p class=\"translation-block\"><strong>October 25. Museum of Performing Arts, Stockholm.<\/strong><br><span style=\"font-style: inherit;font-weight: inherit\">Ars Instrumentorum \u2013 course in medieval music for instrumentalists. <a href=\"https:\/\/www.studieframjandet.se\/stockholms-lan\/gustav-arrangement\/kurser\/2025\/oktober\/ars-instrumentorum--upptack-medeltidens-musik\/\" target=\"_self\">More info and registration via Studiefr\u00e4mjandet.<\/a><\/span><\/p>\t\t\t\t\t\t\t\t<\/div>\n\t\t\t\t<div class=\"elementor-element elementor-element-718f3ae elementor-widget elementor-widget-text-editor\" data-id=\"718f3ae\" data-element_type=\"widget\" data-e-type=\"widget\" data-widget_type=\"text-editor.default\">\n\t\t\t\t\t\t\t\t\t<p class=\"translation-block\"><strong>October 18. Mariakyrkan, V\u00e4xj\u00f6.<\/strong><br>Karin Lagergren gives an afternoon course focusing on medieval Christmas music. <a href=\"https:\/\/www.sensus.se\/kurser-och-evenemang\/medeltida-sangkurs-1638942\/\" target=\"_self\">More info and registration via Sensus.<\/a><\/p>\t\t\t\t\t\t\t\t<\/div>\n\t\t\t\t<div class=\"elementor-element elementor-element-2d281b5 elementor-widget elementor-widget-text-editor\" data-id=\"2d281b5\" data-element_type=\"widget\" data-e-type=\"widget\" data-widget_type=\"text-editor.default\">\n\t\t\t\t\t\t\t\t\t<p class=\"translation-block\"><strong>October 4. Sj\u00e4tte Tunnan, Stockholm.<\/strong><br>The medieval band Sj\u00e4l plays at the medieval tavern Sj\u00e4tte Tunnan.<\/p>\t\t\t\t\t\t\t\t<\/div>\n\t\t\t\t<div class=\"elementor-element elementor-element-32d46f9 elementor-widget elementor-widget-text-editor\" data-id=\"32d46f9\" data-element_type=\"widget\" data-e-type=\"widget\" data-widget_type=\"text-editor.default\">\n\t\t\t\t\t\t\t\t\t<p class=\"translation-block\"><strong>September 21. Br\u00e4nnkyrka Medieval Day, Stockholm.<\/strong><br>The medieval band Sj\u00e4l plays during <a href=\"https:\/\/www.brannkyrka.org\/medeltidsdag\/\" target=\"_self\">Br\u00e4nnkyrka Medieval Day<\/a>.<\/p>\t\t\t\t\t\t\t\t<\/div>\n\t\t\t\t<div class=\"elementor-element elementor-element-5e224ab elementor-widget elementor-widget-text-editor\" data-id=\"5e224ab\" data-element_type=\"widget\" data-e-type=\"widget\" data-widget_type=\"text-editor.default\">\n\t\t\t\t\t\t\t\t\t<p class=\"translation-block\"><strong>August 7. Kapitelhusg\u00e5rden, Visby.<\/strong><br>The medieval band Sj\u00e4l plays at Kapitelhusg\u00e5rden, Visby.<\/p>\t\t\t\t\t\t\t\t<\/div>\n\t\t\t\t<div class=\"elementor-element elementor-element-453a0f7 elementor-widget elementor-widget-text-editor\" data-id=\"453a0f7\" data-element_type=\"widget\" data-e-type=\"widget\" data-widget_type=\"text-editor.default\">\n\t\t\t\t\t\t\t\t\t<p class=\"translation-block\"><strong>August 5. Cathedral, Visby.<\/strong><br>The medieval band Sj\u00e4l gives a concert in Visby Cathedral.<\/p>\t\t\t\t\t\t\t\t<\/div>\n\t\t\t\t<div class=\"elementor-element elementor-element-de2ea21 elementor-widget elementor-widget-text-editor\" data-id=\"de2ea21\" data-element_type=\"widget\" data-e-type=\"widget\" data-widget_type=\"text-editor.default\">\n\t\t\t\t\t\t\t\t\t<p class=\"translation-block\"><strong>August 4-6. Medieval Week on Gotland, Visby.<\/strong><br><span style=\"font-style: inherit;font-weight: inherit\">Ars Maris Stella \u2013 course in medieval music for singers and instrumentalists, led by Karin Lagergren and Gustav N\u00e4sman Olai. In collaboration with <strong><a href=\"https:\/\/www.nomemus.se\/\" target=\"_self\">Nomemus<\/a><\/strong> and <strong><a href=\"https:\/\/fftm.se\/\" target=\"_self\">Swedish Early Music Society<\/a><\/strong>.<\/span><\/p>\t\t\t\t\t\t\t\t<\/div>\n\t\t\t\t<div class=\"elementor-element elementor-element-28935ab elementor-widget elementor-widget-text-editor\" data-id=\"28935ab\" data-element_type=\"widget\" data-e-type=\"widget\" data-widget_type=\"text-editor.default\">\n\t\t\t\t\t\t\t\t\t<p class=\"translation-block\"><strong>June 6. Husabymarken, Knivsta.<\/strong><br>The medieval band Sj\u00e4l plays during this year's Husabymarken.<\/p>\t\t\t\t\t\t\t\t<\/div>\n\t\t\t\t<div class=\"elementor-element elementor-element-1168c9c elementor-widget elementor-widget-text-editor\" data-id=\"1168c9c\" data-element_type=\"widget\" data-e-type=\"widget\" data-widget_type=\"text-editor.default\">\n\t\t\t\t\t\t\t\t\t<p class=\"translation-block\"><strong>May 30-31. Hovdala Medieval Days, H\u00e4ssleholm.<\/strong><br>The medieval band Sj\u00e4l plays during the Hovdala Medieval Days.<\/p>\t\t\t\t\t\t\t\t<\/div>\n\t\t\t\t<div class=\"elementor-element elementor-element-f17d1f4 elementor-widget elementor-widget-text-editor\" data-id=\"f17d1f4\" data-element_type=\"widget\" data-e-type=\"widget\" data-widget_type=\"text-editor.default\">\n\t\t\t\t\t\t\t\t\t<p class=\"translation-block\"><strong>April 6. M\u00e4larh\u00f6jden, Stockholm.<\/strong><br>The children's musical <em>Luthers ungar<\/em> in M\u00e4larh\u00f6jden Church.<\/p>\t\t\t\t\t\t\t\t<\/div>\n\t\t\t\t<div class=\"elementor-element elementor-element-ce76fcf elementor-widget elementor-widget-text-editor\" data-id=\"ce76fcf\" data-element_type=\"widget\" data-e-type=\"widget\" data-widget_type=\"text-editor.default\">\n\t\t\t\t\t\t\t\t\t<p class=\"translation-block\"><strong>March 22. Historical Museum, Stockholm.<\/strong><br><span style=\"font-style: inherit;font-weight: inherit\">Ars Musice \u2013 course in medieval music for singers and instrumentalists, led by Karin Lagergren and Gustav N\u00e4sman Olai.<\/span><\/p>\t\t\t\t\t\t\t\t<\/div>\n\t\t\t\t<div class=\"elementor-element elementor-element-64007d1 elementor-widget elementor-widget-text-editor\" data-id=\"64007d1\" data-element_type=\"widget\" data-e-type=\"widget\" data-widget_type=\"text-editor.default\">\n\t\t\t\t\t\t\t\t\t<p class=\"translation-block\"><strong>February 22. Historical Museum, Stockholm.<\/strong><br><span style=\"font-style: inherit;font-weight: inherit\">Ars Musice \u2013 course in medieval music for singers and instrumentalists, led by Karin Lagergren and Gustav N\u00e4sman Olai.<\/span><\/p>\t\t\t\t\t\t\t\t<\/div>\n\t\t\t\t<\/div>\n\t\t\t\t\t<\/div>\n\t\t\t\t<\/div>\n\t\t\t\t<\/div>","protected":false},"excerpt":{"rendered":"<p>Kalendarium 2026 19 juni. Torek\u00e4llberget, S\u00f6dert\u00e4lje.Midsommarmusik, tillsammans med Stina Hellr\u00f6nn. 23 juli. Skederids kyrka, Rimbo.Ensemble Mediata medverkar vid medeltida m\u00e4ssa. 29 juli. \u00d6sterhaninge kyrka, Haninge.Ensemble Mediata framf\u00f6r programmet &#8221;Ars nova et antiqua&#8221;. 4 augusti, kl 15.00. Domkyrkan, Visby.Medeltidsbandet Sj\u00e4l ger en konsert i Visbys domkyrka. 4 augusti, kl 19.30. Kapitelhusg\u00e5rden, Visby.Medeltidsbandet Sj\u00e4l\u00a0spelar p\u00e5 Kapitelhusg\u00e5rden, Visby. [&hellip;]<\/p>\n","protected":false},"author":1,"featured_media":0,"parent":0,"menu_order":0,"comment_status":"closed","ping_status":"closed","template":"","meta":{"om_disable_all_campaigns":false,"_monsterinsights_skip_tracking":false,"site-sidebar-layout":"default","site-content-layout":"","ast-site-content-layout":"default","site-content-style":"default","site-sidebar-style":"default","ast-global-header-display":"","ast-banner-title-visibility":"","ast-main-header-display":"","ast-hfb-above-header-display":"","ast-hfb-below-header-display":"","ast-hfb-mobile-header-display":"","site-post-title":"","ast-breadcrumbs-content":"","ast-featured-img":"","footer-sml-layout":"","theme-transparent-header-meta":"enabled","adv-header-id-meta":"","stick-header-meta":"","header-above-stick-meta":"","header-main-stick-meta":"","header-below-stick-meta":"","astra-migrate-meta-layouts":"default","ast-page-background-enabled":"default","ast-page-background-meta":{"desktop":{"background-color":"","background-image":"","background-repeat":"repeat","background-position":"center center","background-size":"auto","background-attachment":"scroll","background-type":"","background-media":"","overlay-type":"","overlay-color":"","overlay-opacity":"","overlay-gradient":""},"tablet":{"background-color":"","background-image":"","background-repeat":"repeat","background-position":"center center","background-size":"auto","background-attachment":"scroll","background-type":"","background-media":"","overlay-type":"","overlay-color":"","overlay-opacity":"","overlay-gradient":""},"mobile":{"background-color":"","background-image":"","background-repeat":"repeat","background-position":"center center","background-size":"auto","background-attachment":"scroll","background-type":"","background-media":"","overlay-type":"","overlay-color":"","overlay-opacity":"","overlay-gradient":""}},"ast-content-background-meta":{"desktop":{"background-color":"var(--ast-global-color-5)","background-image":"","background-repeat":"repeat","background-position":"center center","background-size":"auto","background-attachment":"scroll","background-type":"","background-media":"","overlay-type":"","overlay-color":"","overlay-opacity":"","overlay-gradient":""},"tablet":{"background-color":"var(--ast-global-color-5)","background-image":"","background-repeat":"repeat","background-position":"center center","background-size":"auto","background-attachment":"scroll","background-type":"","background-media":"","overlay-type":"","overlay-color":"","overlay-opacity":"","overlay-gradient":""},"mobile":{"background-color":"var(--ast-global-color-5)","background-image":"","background-repeat":"repeat","background-position":"center center","background-size":"auto","background-attachment":"scroll","background-type":"","background-media":"","overlay-type":"","overlay-color":"","overlay-opacity":"","overlay-gradient":""}},"footnotes":""},"class_list":["post-1112","page","type-page","status-publish","hentry"],"aioseo_notices":[],"aioseo_head":"\n\t\t<!-- All in One SEO 5.0.1.1 - aioseo.com -->\n\t<meta name=\"description\" content=\"Kalendarium 2026 19 juni. Torek\u00e4llberget, S\u00f6dert\u00e4lje.Midsommarmusik, tillsammans med Stina Hellr\u00f6nn. 23 juli. Skederids kyrka, Rimbo.Ensemble Mediata medverkar vid medeltida m\u00e4ssa. 29 juli. \u00d6sterhaninge kyrka, Haninge.Ensemble Mediata framf\u00f6r programmet \u201dArs nova et antiqua\u201d. 4 augusti, kl 15.00. Domkyrkan, Visby.Medeltidsbandet Sj\u00e4l ger en konsert i Visbys domkyrka. 4 augusti, kl 19.30. Kapitelhusg\u00e5rden, Visby.Medeltidsbandet Sj\u00e4l spelar p\u00e5 Kapitelhusg\u00e5rden, Visby.\" \/>\n\t<meta name=\"robots\" content=\"max-snippet:-1, max-image-preview:large, max-video-preview:-1\" \/>\n\t<meta name=\"google-site-verification\" content=\"-QgVVL15vCKWaFd4xB-0PwIpIuXJNhPG_Pp8swmOmoo\" \/>\n\t<link rel=\"canonical\" href=\"https:\/\/www.gustavnasmanolai.se\/en\/kalendarium\/\" \/>\n\t<meta name=\"generator\" content=\"All in One SEO (AIOSEO) 5.0.1.1\" \/>\n\t\t<meta property=\"og:locale\" content=\"en_GB\" \/>\n\t\t<meta property=\"og:site_name\" content=\"Gustav N\u00e4sman Olai - Medeltida musik\" \/>\n\t\t<meta property=\"og:type\" content=\"article\" \/>\n\t\t<meta property=\"og:title\" content=\"Kalendarium - Gustav N\u00e4sman Olai\" \/>\n\t\t<meta property=\"og:description\" content=\"Kalendarium 2026 19 juni. Torek\u00e4llberget, S\u00f6dert\u00e4lje.Midsommarmusik, tillsammans med Stina Hellr\u00f6nn. 23 juli. Skederids kyrka, Rimbo.Ensemble Mediata medverkar vid medeltida m\u00e4ssa. 29 juli. \u00d6sterhaninge kyrka, Haninge.Ensemble Mediata framf\u00f6r programmet \u201dArs nova et antiqua\u201d. 4 augusti, kl 15.00. Domkyrkan, Visby.Medeltidsbandet Sj\u00e4l ger en konsert i Visbys domkyrka. 4 augusti, kl 19.30. Kapitelhusg\u00e5rden, Visby.Medeltidsbandet Sj\u00e4l spelar p\u00e5 Kapitelhusg\u00e5rden, Visby.\" \/>\n\t\t<meta property=\"og:url\" content=\"https:\/\/www.gustavnasmanolai.se\/en\/kalendarium\/\" \/>\n\t\t<meta property=\"og:image\" content=\"https:\/\/www.gustavnasmanolai.se\/wp-content\/uploads\/2025\/08\/Queen_Mary_Psalter_grotesques_playing_citole_and_horn-e1756844280480.webp\" \/>\n\t\t<meta property=\"og:image:secure_url\" content=\"https:\/\/www.gustavnasmanolai.se\/wp-content\/uploads\/2025\/08\/Queen_Mary_Psalter_grotesques_playing_citole_and_horn-e1756844280480.webp\" \/>\n\t\t<meta property=\"og:image:width\" content=\"1470\" \/>\n\t\t<meta property=\"og:image:height\" content=\"598\" \/>\n\t\t<meta property=\"article:published_time\" content=\"2025-08-27T19:09:13+00:00\" \/>\n\t\t<meta property=\"article:modified_time\" content=\"2026-06-17T12:58:24+00:00\" \/>\n\t\t<meta name=\"twitter:card\" content=\"summary_large_image\" \/>\n\t\t<meta name=\"twitter:title\" content=\"Kalendarium - Gustav N\u00e4sman Olai\" \/>\n\t\t<meta name=\"twitter:description\" content=\"Kalendarium 2026 19 juni. Torek\u00e4llberget, S\u00f6dert\u00e4lje.Midsommarmusik, tillsammans med Stina Hellr\u00f6nn. 23 juli. Skederids kyrka, Rimbo.Ensemble Mediata medverkar vid medeltida m\u00e4ssa. 29 juli. \u00d6sterhaninge kyrka, Haninge.Ensemble Mediata framf\u00f6r programmet \u201dArs nova et antiqua\u201d. 4 augusti, kl 15.00. Domkyrkan, Visby.Medeltidsbandet Sj\u00e4l ger en konsert i Visbys domkyrka. 4 augusti, kl 19.30. Kapitelhusg\u00e5rden, Visby.Medeltidsbandet Sj\u00e4l spelar p\u00e5 Kapitelhusg\u00e5rden, Visby.\" \/>\n\t\t<meta name=\"twitter:image\" content=\"https:\/\/www.gustavnasmanolai.se\/wp-content\/uploads\/2025\/08\/Queen_Mary_Psalter_grotesques_playing_citole_and_horn-e1756844280480.webp\" \/>\n\t\t<script type=\"application\/ld+json\" class=\"aioseo-schema\">\n\t\t\t{\"@context\":\"https:\\\/\\\/schema.org\",\"@graph\":[{\"@type\":\"BreadcrumbList\",\"@id\":\"https:\\\/\\\/www.gustavnasmanolai.se\\\/en\\\/kalendarium\\\/#breadcrumblist\",\"itemListElement\":[{\"@type\":\"ListItem\",\"@id\":\"https:\\\/\\\/www.gustavnasmanolai.se\\\/en#listItem\",\"position\":1,\"name\":\"Home\",\"item\":\"https:\\\/\\\/www.gustavnasmanolai.se\\\/en\",\"nextItem\":{\"@type\":\"ListItem\",\"@id\":\"https:\\\/\\\/www.gustavnasmanolai.se\\\/en\\\/kalendarium\\\/#listItem\",\"name\":\"Kalendarium\"}},{\"@type\":\"ListItem\",\"@id\":\"https:\\\/\\\/www.gustavnasmanolai.se\\\/en\\\/kalendarium\\\/#listItem\",\"position\":2,\"name\":\"Kalendarium\",\"previousItem\":{\"@type\":\"ListItem\",\"@id\":\"https:\\\/\\\/www.gustavnasmanolai.se\\\/en#listItem\",\"name\":\"Home\"}}]},{\"@type\":\"Organization\",\"@id\":\"https:\\\/\\\/www.gustavnasmanolai.se\\\/en\\\/#organization\",\"name\":\"Gustav N\\u00e4sman Olai\",\"description\":\"Medeltida musik\",\"url\":\"https:\\\/\\\/www.gustavnasmanolai.se\\\/en\\\/\",\"telephone\":\"+46739864055\",\"logo\":{\"@type\":\"ImageObject\",\"url\":\"https:\\\/\\\/www.gustavnasmanolai.se\\\/wp-content\\\/uploads\\\/2025\\\/09\\\/Logga-gittern-1.png\",\"@id\":\"https:\\\/\\\/www.gustavnasmanolai.se\\\/en\\\/kalendarium\\\/#organizationLogo\"},\"image\":{\"@id\":\"https:\\\/\\\/www.gustavnasmanolai.se\\\/en\\\/kalendarium\\\/#organizationLogo\"}},{\"@type\":\"WebPage\",\"@id\":\"https:\\\/\\\/www.gustavnasmanolai.se\\\/en\\\/kalendarium\\\/#webpage\",\"url\":\"https:\\\/\\\/www.gustavnasmanolai.se\\\/en\\\/kalendarium\\\/\",\"name\":\"Kalendarium - Gustav N\\u00e4sman Olai\",\"description\":\"Kalendarium 2026 19 juni. Torek\\u00e4llberget, S\\u00f6dert\\u00e4lje.Midsommarmusik, tillsammans med Stina Hellr\\u00f6nn. 23 juli. Skederids kyrka, Rimbo.Ensemble Mediata medverkar vid medeltida m\\u00e4ssa. 29 juli. \\u00d6sterhaninge kyrka, Haninge.Ensemble Mediata framf\\u00f6r programmet \\u201dArs nova et antiqua\\u201d. 4 augusti, kl 15.00. Domkyrkan, Visby.Medeltidsbandet Sj\\u00e4l ger en konsert i Visbys domkyrka. 4 augusti, kl 19.30. Kapitelhusg\\u00e5rden, Visby.Medeltidsbandet Sj\\u00e4l spelar p\\u00e5 Kapitelhusg\\u00e5rden, Visby.\",\"inLanguage\":\"en-GB\",\"isPartOf\":{\"@id\":\"https:\\\/\\\/www.gustavnasmanolai.se\\\/en\\\/#website\"},\"breadcrumb\":{\"@id\":\"https:\\\/\\\/www.gustavnasmanolai.se\\\/en\\\/kalendarium\\\/#breadcrumblist\"},\"datePublished\":\"2025-08-27T21:09:13+02:00\",\"dateModified\":\"2026-06-17T14:58:24+02:00\"},{\"@type\":\"WebSite\",\"@id\":\"https:\\\/\\\/www.gustavnasmanolai.se\\\/en\\\/#website\",\"url\":\"https:\\\/\\\/www.gustavnasmanolai.se\\\/en\\\/\",\"name\":\"Gustav N\\u00e4sman Olai\",\"description\":\"Medeltida musik\",\"inLanguage\":\"en-GB\",\"publisher\":{\"@id\":\"https:\\\/\\\/www.gustavnasmanolai.se\\\/en\\\/#organization\"}}]}\n\t\t<\/script>\n\t\t<!-- All in One SEO -->\n\n","aioseo_head_json":{"title":"Kalendarium - Gustav N\u00e4sman Olai","description":"Kalendarium 2026 19 juni. Torek\u00e4llberget, S\u00f6dert\u00e4lje.Midsommarmusik, tillsammans med Stina Hellr\u00f6nn. 23 juli. Skederids kyrka, Rimbo.Ensemble Mediata medverkar vid medeltida m\u00e4ssa. 29 juli. \u00d6sterhaninge kyrka, Haninge.Ensemble Mediata framf\u00f6r programmet \u201dArs nova et antiqua\u201d. 4 augusti, kl 15.00. Domkyrkan, Visby.Medeltidsbandet Sj\u00e4l ger en konsert i Visbys domkyrka. 4 augusti, kl 19.30. Kapitelhusg\u00e5rden, Visby.Medeltidsbandet Sj\u00e4l spelar p\u00e5 Kapitelhusg\u00e5rden, Visby.","canonical_url":"https:\/\/www.gustavnasmanolai.se\/en\/kalendarium\/","robots":"max-snippet:-1, max-image-preview:large, max-video-preview:-1","keywords":"","webmasterTools":{"google-site-verification":"-QgVVL15vCKWaFd4xB-0PwIpIuXJNhPG_Pp8swmOmoo","miscellaneous":""},"schema":{"@context":"https:\/\/schema.org","@graph":[{"@type":"BreadcrumbList","@id":"https:\/\/www.gustavnasmanolai.se\/en\/kalendarium\/#breadcrumblist","itemListElement":[{"@type":"ListItem","@id":"https:\/\/www.gustavnasmanolai.se\/en#listItem","position":1,"name":"Home","item":"https:\/\/www.gustavnasmanolai.se\/en","nextItem":{"@type":"ListItem","@id":"https:\/\/www.gustavnasmanolai.se\/en\/kalendarium\/#listItem","name":"Kalendarium"}},{"@type":"ListItem","@id":"https:\/\/www.gustavnasmanolai.se\/en\/kalendarium\/#listItem","position":2,"name":"Kalendarium","previousItem":{"@type":"ListItem","@id":"https:\/\/www.gustavnasmanolai.se\/en#listItem","name":"Home"}}]},{"@type":"Organization","@id":"https:\/\/www.gustavnasmanolai.se\/en\/#organization","name":"Gustav N\u00e4sman Olai","description":"Medeltida musik","url":"https:\/\/www.gustavnasmanolai.se\/en\/","telephone":"+46739864055","logo":{"@type":"ImageObject","url":"https:\/\/www.gustavnasmanolai.se\/wp-content\/uploads\/2025\/09\/Logga-gittern-1.png","@id":"https:\/\/www.gustavnasmanolai.se\/en\/kalendarium\/#organizationLogo"},"image":{"@id":"https:\/\/www.gustavnasmanolai.se\/en\/kalendarium\/#organizationLogo"}},{"@type":"WebPage","@id":"https:\/\/www.gustavnasmanolai.se\/en\/kalendarium\/#webpage","url":"https:\/\/www.gustavnasmanolai.se\/en\/kalendarium\/","name":"Kalendarium - Gustav N\u00e4sman Olai","description":"Kalendarium 2026 19 juni. Torek\u00e4llberget, S\u00f6dert\u00e4lje.Midsommarmusik, tillsammans med Stina Hellr\u00f6nn. 23 juli. Skederids kyrka, Rimbo.Ensemble Mediata medverkar vid medeltida m\u00e4ssa. 29 juli. \u00d6sterhaninge kyrka, Haninge.Ensemble Mediata framf\u00f6r programmet \u201dArs nova et antiqua\u201d. 4 augusti, kl 15.00. Domkyrkan, Visby.Medeltidsbandet Sj\u00e4l ger en konsert i Visbys domkyrka. 4 augusti, kl 19.30. Kapitelhusg\u00e5rden, Visby.Medeltidsbandet Sj\u00e4l spelar p\u00e5 Kapitelhusg\u00e5rden, Visby.","inLanguage":"en-GB","isPartOf":{"@id":"https:\/\/www.gustavnasmanolai.se\/en\/#website"},"breadcrumb":{"@id":"https:\/\/www.gustavnasmanolai.se\/en\/kalendarium\/#breadcrumblist"},"datePublished":"2025-08-27T21:09:13+02:00","dateModified":"2026-06-17T14:58:24+02:00"},{"@type":"WebSite","@id":"https:\/\/www.gustavnasmanolai.se\/en\/#website","url":"https:\/\/www.gustavnasmanolai.se\/en\/","name":"Gustav N\u00e4sman Olai","description":"Medeltida musik","inLanguage":"en-GB","publisher":{"@id":"https:\/\/www.gustavnasmanolai.se\/en\/#organization"}}]},"og:locale":"en_GB","og:site_name":"Gustav N\u00e4sman Olai - Medeltida musik","og:type":"article","og:title":"Kalendarium - Gustav N\u00e4sman Olai","og:description":"Kalendarium 2026 19 juni. Torek\u00e4llberget, S\u00f6dert\u00e4lje.Midsommarmusik, tillsammans med Stina Hellr\u00f6nn. 23 juli. Skederids kyrka, Rimbo.Ensemble Mediata medverkar vid medeltida m\u00e4ssa. 29 juli. \u00d6sterhaninge kyrka, Haninge.Ensemble Mediata framf\u00f6r programmet \u201dArs nova et antiqua\u201d. 4 augusti, kl 15.00. Domkyrkan, Visby.Medeltidsbandet Sj\u00e4l ger en konsert i Visbys domkyrka. 4 augusti, kl 19.30. Kapitelhusg\u00e5rden, Visby.Medeltidsbandet Sj\u00e4l spelar p\u00e5 Kapitelhusg\u00e5rden, Visby.","og:url":"https:\/\/www.gustavnasmanolai.se\/en\/kalendarium\/","og:image":"https:\/\/www.gustavnasmanolai.se\/wp-content\/uploads\/2025\/08\/Queen_Mary_Psalter_grotesques_playing_citole_and_horn-e1756844280480.webp","og:image:secure_url":"https:\/\/www.gustavnasmanolai.se\/wp-content\/uploads\/2025\/08\/Queen_Mary_Psalter_grotesques_playing_citole_and_horn-e1756844280480.webp","og:image:width":1470,"og:image:height":598,"article:published_time":"2025-08-27T19:09:13+00:00","article:modified_time":"2026-06-17T12:58:24+00:00","twitter:card":"summary_large_image","twitter:title":"Kalendarium - Gustav N\u00e4sman Olai","twitter:description":"Kalendarium 2026 19 juni. Torek\u00e4llberget, S\u00f6dert\u00e4lje.Midsommarmusik, tillsammans med Stina Hellr\u00f6nn. 23 juli. Skederids kyrka, Rimbo.Ensemble Mediata medverkar vid medeltida m\u00e4ssa. 29 juli. \u00d6sterhaninge kyrka, Haninge.Ensemble Mediata framf\u00f6r programmet \u201dArs nova et antiqua\u201d. 4 augusti, kl 15.00. Domkyrkan, Visby.Medeltidsbandet Sj\u00e4l ger en konsert i Visbys domkyrka. 4 augusti, kl 19.30. Kapitelhusg\u00e5rden, Visby.Medeltidsbandet Sj\u00e4l spelar p\u00e5 Kapitelhusg\u00e5rden, Visby.","twitter:image":"https:\/\/www.gustavnasmanolai.se\/wp-content\/uploads\/2025\/08\/Queen_Mary_Psalter_grotesques_playing_citole_and_horn-e1756844280480.webp"},"aioseo_meta_data":{"post_id":"1112","title":null,"description":null,"keywords":null,"keyphrases":null,"primary_term":null,"canonical_url":null,"og_title":null,"og_description":null,"og_object_type":"default","og_image_type":"default","og_image_url":null,"og_image_width":null,"og_image_height":null,"og_image_custom_url":null,"og_image_custom_fields":null,"og_video":null,"og_custom_url":null,"og_article_section":null,"og_article_tags":null,"twitter_use_og":false,"twitter_card":"default","twitter_image_type":"default","twitter_image_url":null,"twitter_image_custom_url":null,"twitter_image_custom_fields":null,"twitter_title":null,"twitter_description":null,"schema":{"blockGraphs":[],"customGraphs":[],"default":{"data":{"Article":[],"Course":[],"Dataset":[],"FAQPage":[],"Movie":[],"Person":[],"Product":[],"ProductReview":[],"Car":[],"Recipe":[],"Service":[],"SoftwareApplication":[],"WebPage":[]},"graphName":"","isEnabled":true},"graphs":[]},"schema_type":"default","schema_type_options":null,"pillar_content":false,"robots_default":true,"robots_noindex":false,"robots_noarchive":false,"robots_nosnippet":false,"robots_nofollow":false,"robots_noimageindex":false,"robots_noodp":false,"robots_notranslate":false,"robots_max_snippet":null,"robots_max_videopreview":null,"robots_max_imagepreview":"large","priority":null,"frequency":null,"local_seo":null,"breadcrumb_settings":null,"limit_modified_date":false,"ai":null,"created":"2025-09-08 14:29:16","updated":"2026-06-18 11:49:43","seo_analyzer_scan_date":null,"focus_keyword":null,"additional_keywords":null,"truseo_locale":null},"aioseo_breadcrumb":"<div class=\"aioseo-breadcrumbs\"><span class=\"aioseo-breadcrumb\">\n\t\t\t<a href=\"https:\/\/www.gustavnasmanolai.se\/en\" title=\"Home\">Home<\/a>\n\t\t<\/span><span class=\"aioseo-breadcrumb-separator\">&raquo;<\/span><span class=\"aioseo-breadcrumb\">\n\t\t\tKalendarium\n\t\t<\/span><\/div>","aioseo_breadcrumb_json":[{"label":"Home","link":"https:\/\/www.gustavnasmanolai.se\/en"},{"label":"Kalendarium","link":"https:\/\/www.gustavnasmanolai.se\/en\/kalendarium\/"}],"_links":{"self":[{"href":"https:\/\/www.gustavnasmanolai.se\/en\/wp-json\/wp\/v2\/pages\/1112","targetHints":{"allow":["GET"]}}],"collection":[{"href":"https:\/\/www.gustavnasmanolai.se\/en\/wp-json\/wp\/v2\/pages"}],"about":[{"href":"https:\/\/www.gustavnasmanolai.se\/en\/wp-json\/wp\/v2\/types\/page"}],"author":[{"embeddable":true,"href":"https:\/\/www.gustavnasmanolai.se\/en\/wp-json\/wp\/v2\/users\/1"}],"replies":[{"embeddable":true,"href":"https:\/\/www.gustavnasmanolai.se\/en\/wp-json\/wp\/v2\/comments?post=1112"}],"version-history":[{"count":64,"href":"https:\/\/www.gustavnasmanolai.se\/en\/wp-json\/wp\/v2\/pages\/1112\/revisions"}],"predecessor-version":[{"id":1631,"href":"https:\/\/www.gustavnasmanolai.se\/en\/wp-json\/wp\/v2\/pages\/1112\/revisions\/1631"}],"wp:attachment":[{"href":"https:\/\/www.gustavnasmanolai.se\/en\/wp-json\/wp\/v2\/media?parent=1112"}],"curies":[{"name":"wp","href":"https:\/\/api.w.org\/{rel}","templated":true}]}}